{"id":1451,"date":"2021-02-26T17:39:41","date_gmt":"2021-02-26T16:39:41","guid":{"rendered":"https:\/\/www.fsg-ruethen.de\/wordpress\/?page_id=1451"},"modified":"2024-03-14T18:41:30","modified_gmt":"2024-03-14T17:41:30","slug":"virtueller-rundgang-durch-unsere-schule","status":"publish","type":"page","link":"https:\/\/www.fsg-ruethen.de\/fsg\/unsere-schule\/virtueller-rundgang-durch-unsere-schule\/","title":{"rendered":"Virtueller Rundgang durch unsere Schule"},"content":{"rendered":"\n<h1 class=\"wp-block-heading has-text-align-center\">Besichtigung des Friedrich-Spee-Gymnasiums<\/h1>\n\n\n\n<figure class=\"wp-block-image alignwide size-large\"><a href=\"https:\/\/my.mpskin.com\/de\/tour\/4kpp2zmjhz\" target=\"_blank\" rel=\"noopener\"><img fetchpriority=\"high\" decoding=\"async\" width=\"1200\" height=\"369\" src=\"https:\/\/www.fsg-ruethen.de\/fsg\/wp-content\/uploads\/2021\/04\/virtueller-rundgang-hell-1200x369.jpg\" alt=\"Virtueller Rundgang\" class=\"wp-image-4014\" srcset=\"https:\/\/www.fsg-ruethen.de\/fsg\/wp-content\/uploads\/2021\/04\/virtueller-rundgang-hell-1200x369.jpg 1200w, https:\/\/www.fsg-ruethen.de\/fsg\/wp-content\/uploads\/2021\/04\/virtueller-rundgang-hell-300x92.jpg 300w, https:\/\/www.fsg-ruethen.de\/fsg\/wp-content\/uploads\/2021\/04\/virtueller-rundgang-hell-768x236.jpg 768w, https:\/\/www.fsg-ruethen.de\/fsg\/wp-content\/uploads\/2021\/04\/virtueller-rundgang-hell-1536x472.jpg 1536w, https:\/\/www.fsg-ruethen.de\/fsg\/wp-content\/uploads\/2021\/04\/virtueller-rundgang-hell.jpg 1913w\" sizes=\"(max-width: 1200px) 100vw, 1200px\" \/><\/a><\/figure>\n\n\n\n<p class=\"has-text-align-center\"><a href=\"https:\/\/my.mpskin.com\/de\/tour\/4kpp2zmjhz\" target=\"_blank\" rel=\"noreferrer noopener\">Streifen Sie mit Maus oder Touchpad durch unsere Schule, besuchen Sie ausgew\u00e4hlte R\u00e4ume oder machen Sie eine gef\u00fchrte Tour.<\/a><\/p>\n\n\n\n<p class=\"has-small-font-size\"><em>Erstellt von Andr\u00e9 Heinermann, 3hasen events\u00ae GmbH.<\/em><\/p>\n\n\n\n<hr class=\"wp-block-separator has-css-opacity is-style-default\"\/>\n\n\n\n<h1 class=\"wp-block-heading has-text-align-center\">Das Friedrich-Spee-Gymnasium von oben<\/h1>\n\n\n\n<figure class=\"wp-block-gallery has-nested-images columns-2 is-cropped wp-block-gallery-1 is-layout-flex wp-block-gallery-is-layout-flex\">\n<figure class=\"wp-block-image size-full\"><a href=\"https:\/\/www.fsg-ruethen.de\/fsg\/wp-content\/uploads\/2021\/08\/fsg-von-oben-09.jpg\"><img decoding=\"async\" width=\"1200\" height=\"674\" data-id=\"7089\" src=\"https:\/\/www.fsg-ruethen.de\/fsg\/wp-content\/uploads\/2021\/08\/fsg-von-oben-09.jpg\" alt=\"\" class=\"wp-image-7089\" srcset=\"https:\/\/www.fsg-ruethen.de\/fsg\/wp-content\/uploads\/2021\/08\/fsg-von-oben-09.jpg 1200w, https:\/\/www.fsg-ruethen.de\/fsg\/wp-content\/uploads\/2021\/08\/fsg-von-oben-09-300x169.jpg 300w, https:\/\/www.fsg-ruethen.de\/fsg\/wp-content\/uploads\/2021\/08\/fsg-von-oben-09-768x431.jpg 768w\" sizes=\"(max-width: 1200px) 100vw, 1200px\" \/><\/a><\/figure>\n\n\n\n<figure class=\"wp-block-image size-full\"><a href=\"https:\/\/www.fsg-ruethen.de\/fsg\/wp-content\/uploads\/2021\/08\/fsg-von-oben-03.jpg\"><img decoding=\"async\" width=\"1200\" height=\"674\" data-id=\"6864\" src=\"https:\/\/www.fsg-ruethen.de\/fsg\/wp-content\/uploads\/2021\/08\/fsg-von-oben-03.jpg\" alt=\"Neubau\" class=\"wp-image-6864\" srcset=\"https:\/\/www.fsg-ruethen.de\/fsg\/wp-content\/uploads\/2021\/08\/fsg-von-oben-03.jpg 1200w, https:\/\/www.fsg-ruethen.de\/fsg\/wp-content\/uploads\/2021\/08\/fsg-von-oben-03-300x169.jpg 300w, https:\/\/www.fsg-ruethen.de\/fsg\/wp-content\/uploads\/2021\/08\/fsg-von-oben-03-768x431.jpg 768w\" sizes=\"(max-width: 1200px) 100vw, 1200px\" \/><\/a><\/figure>\n\n\n\n<figure class=\"wp-block-image size-full\"><a href=\"https:\/\/www.fsg-ruethen.de\/fsg\/wp-content\/uploads\/2021\/08\/fsg-von-oben-07.jpg\"><img loading=\"lazy\" decoding=\"async\" width=\"1200\" height=\"674\" data-id=\"6862\" src=\"https:\/\/www.fsg-ruethen.de\/fsg\/wp-content\/uploads\/2021\/08\/fsg-von-oben-07.jpg\" alt=\"Schulpark\" class=\"wp-image-6862\" srcset=\"https:\/\/www.fsg-ruethen.de\/fsg\/wp-content\/uploads\/2021\/08\/fsg-von-oben-07.jpg 1200w, https:\/\/www.fsg-ruethen.de\/fsg\/wp-content\/uploads\/2021\/08\/fsg-von-oben-07-300x169.jpg 300w, https:\/\/www.fsg-ruethen.de\/fsg\/wp-content\/uploads\/2021\/08\/fsg-von-oben-07-768x431.jpg 768w\" sizes=\"(max-width: 1200px) 100vw, 1200px\" \/><\/a><\/figure>\n\n\n\n<figure class=\"wp-block-image size-full\"><a href=\"https:\/\/www.fsg-ruethen.de\/fsg\/wp-content\/uploads\/2021\/08\/fsg-von-oben-06.jpg\"><img loading=\"lazy\" decoding=\"async\" width=\"1200\" height=\"674\" data-id=\"6861\" src=\"https:\/\/www.fsg-ruethen.de\/fsg\/wp-content\/uploads\/2021\/08\/fsg-von-oben-06.jpg\" alt=\"Blick zur Stadt\" class=\"wp-image-6861\" srcset=\"https:\/\/www.fsg-ruethen.de\/fsg\/wp-content\/uploads\/2021\/08\/fsg-von-oben-06.jpg 1200w, https:\/\/www.fsg-ruethen.de\/fsg\/wp-content\/uploads\/2021\/08\/fsg-von-oben-06-300x169.jpg 300w, https:\/\/www.fsg-ruethen.de\/fsg\/wp-content\/uploads\/2021\/08\/fsg-von-oben-06-768x431.jpg 768w\" sizes=\"(max-width: 1200px) 100vw, 1200px\" \/><\/a><\/figure>\n\n\n\n<figure class=\"wp-block-image size-full\"><a href=\"https:\/\/www.fsg-ruethen.de\/fsg\/wp-content\/uploads\/2021\/08\/fsg-von-oben-05.jpg\"><img loading=\"lazy\" decoding=\"async\" width=\"1200\" height=\"674\" data-id=\"6860\" src=\"https:\/\/www.fsg-ruethen.de\/fsg\/wp-content\/uploads\/2021\/08\/fsg-von-oben-05.jpg\" alt=\"Luftbild des FSG\" class=\"wp-image-6860\" srcset=\"https:\/\/www.fsg-ruethen.de\/fsg\/wp-content\/uploads\/2021\/08\/fsg-von-oben-05.jpg 1200w, https:\/\/www.fsg-ruethen.de\/fsg\/wp-content\/uploads\/2021\/08\/fsg-von-oben-05-300x169.jpg 300w, https:\/\/www.fsg-ruethen.de\/fsg\/wp-content\/uploads\/2021\/08\/fsg-von-oben-05-768x431.jpg 768w\" sizes=\"(max-width: 1200px) 100vw, 1200px\" \/><\/a><\/figure>\n<figcaption class=\"blocks-gallery-caption wp-element-caption\">Drohnenfotos: Tim Breitkopf &#8211; zum Vergr\u00f6\u00dfern ins Bild klicken <\/figcaption><\/figure>\n\n\n\n<hr class=\"wp-block-separator has-css-opacity is-style-default\"\/>\n\n\n\n<h1 class=\"wp-block-heading has-text-align-center\">Bildergalerie<\/h1>\n\n\n\n<figure class=\"wp-block-gallery has-nested-images columns-2 is-cropped aligncenter wp-block-gallery-2 is-layout-flex wp-block-gallery-is-layout-flex\">\n<figure class=\"wp-block-image size-full\"><a href=\"https:\/\/www.fsg-ruethen.de\/fsg\/wp-content\/uploads\/2021\/03\/historischer-altbau.jpg\"><img loading=\"lazy\" decoding=\"async\" width=\"2410\" height=\"1396\" data-id=\"1746\" src=\"https:\/\/www.fsg-ruethen.de\/fsg\/wp-content\/uploads\/2021\/03\/historischer-altbau.jpg\" alt=\"Historischer Altbau\" class=\"wp-image-1746\" srcset=\"https:\/\/www.fsg-ruethen.de\/fsg\/wp-content\/uploads\/2021\/03\/historischer-altbau.jpg 2410w, https:\/\/www.fsg-ruethen.de\/fsg\/wp-content\/uploads\/2021\/03\/historischer-altbau-300x174.jpg 300w, https:\/\/www.fsg-ruethen.de\/fsg\/wp-content\/uploads\/2021\/03\/historischer-altbau-1024x593.jpg 1024w, https:\/\/www.fsg-ruethen.de\/fsg\/wp-content\/uploads\/2021\/03\/historischer-altbau-768x445.jpg 768w, https:\/\/www.fsg-ruethen.de\/fsg\/wp-content\/uploads\/2021\/03\/historischer-altbau-1536x890.jpg 1536w, https:\/\/www.fsg-ruethen.de\/fsg\/wp-content\/uploads\/2021\/03\/historischer-altbau-2048x1186.jpg 2048w\" sizes=\"(max-width: 2410px) 100vw, 2410px\" \/><\/a><figcaption class=\"wp-element-caption\">Historisches Schulgeb\u00e4ude<\/figcaption><\/figure>\n\n\n\n<figure class=\"wp-block-image size-full\"><a href=\"https:\/\/www.fsg-ruethen.de\/fsg\/wp-content\/uploads\/2021\/03\/neubau.jpg\"><img loading=\"lazy\" decoding=\"async\" width=\"1200\" height=\"675\" data-id=\"2754\" src=\"https:\/\/www.fsg-ruethen.de\/fsg\/wp-content\/uploads\/2021\/03\/neubau.jpg\" alt=\"Parkschulhof\" class=\"wp-image-2754\" srcset=\"https:\/\/www.fsg-ruethen.de\/fsg\/wp-content\/uploads\/2021\/03\/neubau.jpg 1200w, https:\/\/www.fsg-ruethen.de\/fsg\/wp-content\/uploads\/2021\/03\/neubau-300x169.jpg 300w, https:\/\/www.fsg-ruethen.de\/fsg\/wp-content\/uploads\/2021\/03\/neubau-1024x576.jpg 1024w, https:\/\/www.fsg-ruethen.de\/fsg\/wp-content\/uploads\/2021\/03\/neubau-768x432.jpg 768w\" sizes=\"(max-width: 1200px) 100vw, 1200px\" \/><\/a><figcaption class=\"wp-element-caption\">Parkschulhof<\/figcaption><\/figure>\n\n\n\n<figure class=\"wp-block-image size-large\"><a href=\"https:\/\/www.fsg-ruethen.de\/fsg\/wp-content\/uploads\/2021\/06\/vor-dem-neubau-1600x800-q90.jpg\"><img loading=\"lazy\" decoding=\"async\" width=\"1200\" height=\"600\" data-id=\"6135\" src=\"https:\/\/www.fsg-ruethen.de\/fsg\/wp-content\/uploads\/2021\/06\/vor-dem-neubau-1600x800-q90-1200x600.jpg\" alt=\"\" class=\"wp-image-6135\" srcset=\"https:\/\/www.fsg-ruethen.de\/fsg\/wp-content\/uploads\/2021\/06\/vor-dem-neubau-1600x800-q90-1200x600.jpg 1200w, https:\/\/www.fsg-ruethen.de\/fsg\/wp-content\/uploads\/2021\/06\/vor-dem-neubau-1600x800-q90-300x150.jpg 300w, https:\/\/www.fsg-ruethen.de\/fsg\/wp-content\/uploads\/2021\/06\/vor-dem-neubau-1600x800-q90-768x384.jpg 768w, https:\/\/www.fsg-ruethen.de\/fsg\/wp-content\/uploads\/2021\/06\/vor-dem-neubau-1600x800-q90-1536x768.jpg 1536w, https:\/\/www.fsg-ruethen.de\/fsg\/wp-content\/uploads\/2021\/06\/vor-dem-neubau-1600x800-q90-1320x660.jpg 1320w, https:\/\/www.fsg-ruethen.de\/fsg\/wp-content\/uploads\/2021\/06\/vor-dem-neubau-1600x800-q90.jpg 1600w\" sizes=\"(max-width: 1200px) 100vw, 1200px\" \/><\/a><figcaption class=\"wp-element-caption\">Friedrich-Spee-Gymnasium<\/figcaption><\/figure>\n\n\n\n<figure class=\"wp-block-image size-full\"><a href=\"https:\/\/www.fsg-ruethen.de\/fsg\/wp-content\/uploads\/2021\/03\/pulli2.jpg\"><img loading=\"lazy\" decoding=\"async\" width=\"1200\" height=\"900\" data-id=\"1939\" src=\"https:\/\/www.fsg-ruethen.de\/fsg\/wp-content\/uploads\/2021\/03\/pulli2.jpg\" alt=\"Kinder vor der Schule\" class=\"wp-image-1939\" srcset=\"https:\/\/www.fsg-ruethen.de\/fsg\/wp-content\/uploads\/2021\/03\/pulli2.jpg 1200w, https:\/\/www.fsg-ruethen.de\/fsg\/wp-content\/uploads\/2021\/03\/pulli2-300x225.jpg 300w, https:\/\/www.fsg-ruethen.de\/fsg\/wp-content\/uploads\/2021\/03\/pulli2-1024x768.jpg 1024w, https:\/\/www.fsg-ruethen.de\/fsg\/wp-content\/uploads\/2021\/03\/pulli2-768x576.jpg 768w\" sizes=\"(max-width: 1200px) 100vw, 1200px\" \/><\/a><figcaption class=\"wp-element-caption\">Kinder vor der Schule<\/figcaption><\/figure>\n\n\n\n<figure class=\"wp-block-image size-full\"><a href=\"https:\/\/www.fsg-ruethen.de\/fsg\/wp-content\/uploads\/2021\/05\/klettern-1-1200.jpg\"><img loading=\"lazy\" decoding=\"async\" width=\"1200\" height=\"800\" data-id=\"9411\" src=\"https:\/\/www.fsg-ruethen.de\/fsg\/wp-content\/uploads\/2021\/05\/klettern-1-1200.jpg\" alt=\"Seilpyramide auf dem Pausenhof\" class=\"wp-image-9411\" srcset=\"https:\/\/www.fsg-ruethen.de\/fsg\/wp-content\/uploads\/2021\/05\/klettern-1-1200.jpg 1200w, https:\/\/www.fsg-ruethen.de\/fsg\/wp-content\/uploads\/2021\/05\/klettern-1-1200-300x200.jpg 300w, https:\/\/www.fsg-ruethen.de\/fsg\/wp-content\/uploads\/2021\/05\/klettern-1-1200-768x512.jpg 768w\" sizes=\"(max-width: 1200px) 100vw, 1200px\" \/><\/a><figcaption class=\"wp-element-caption\">Seilpyramide auf dem Pausenhof<\/figcaption><\/figure>\n\n\n\n<figure class=\"wp-block-image size-full\"><a href=\"https:\/\/www.fsg-ruethen.de\/fsg\/wp-content\/uploads\/2021\/04\/computerraum.jpg\"><img loading=\"lazy\" decoding=\"async\" width=\"1200\" height=\"800\" data-id=\"3968\" src=\"https:\/\/www.fsg-ruethen.de\/fsg\/wp-content\/uploads\/2021\/04\/computerraum.jpg\" alt=\"\" class=\"wp-image-3968\" srcset=\"https:\/\/www.fsg-ruethen.de\/fsg\/wp-content\/uploads\/2021\/04\/computerraum.jpg 1200w, https:\/\/www.fsg-ruethen.de\/fsg\/wp-content\/uploads\/2021\/04\/computerraum-300x200.jpg 300w, https:\/\/www.fsg-ruethen.de\/fsg\/wp-content\/uploads\/2021\/04\/computerraum-768x512.jpg 768w\" sizes=\"(max-width: 1200px) 100vw, 1200px\" \/><\/a><figcaption class=\"wp-element-caption\">Computerraum<\/figcaption><\/figure>\n\n\n\n<figure class=\"wp-block-image size-full\"><a href=\"https:\/\/www.fsg-ruethen.de\/fsg\/wp-content\/uploads\/2021\/04\/cafeteria.jpg\"><img loading=\"lazy\" decoding=\"async\" width=\"1200\" height=\"800\" data-id=\"3967\" src=\"https:\/\/www.fsg-ruethen.de\/fsg\/wp-content\/uploads\/2021\/04\/cafeteria.jpg\" alt=\"\" class=\"wp-image-3967\" srcset=\"https:\/\/www.fsg-ruethen.de\/fsg\/wp-content\/uploads\/2021\/04\/cafeteria.jpg 1200w, https:\/\/www.fsg-ruethen.de\/fsg\/wp-content\/uploads\/2021\/04\/cafeteria-300x200.jpg 300w, https:\/\/www.fsg-ruethen.de\/fsg\/wp-content\/uploads\/2021\/04\/cafeteria-768x512.jpg 768w\" sizes=\"(max-width: 1200px) 100vw, 1200px\" \/><\/a><figcaption class=\"wp-element-caption\">Friedrich-Spee-Cafe<\/figcaption><\/figure>\n\n\n\n<figure class=\"wp-block-image size-full\"><a href=\"https:\/\/www.fsg-ruethen.de\/fsg\/wp-content\/uploads\/2021\/05\/lernraum-dreihasen-schwimmbad05-1200x900-q90.jpg\"><img loading=\"lazy\" decoding=\"async\" width=\"1605\" height=\"900\" data-id=\"5218\" src=\"https:\/\/www.fsg-ruethen.de\/fsg\/wp-content\/uploads\/2021\/05\/lernraum-dreihasen-schwimmbad05-1200x900-q90.jpg\" alt=\"Schwimmbad\" class=\"wp-image-5218\" srcset=\"https:\/\/www.fsg-ruethen.de\/fsg\/wp-content\/uploads\/2021\/05\/lernraum-dreihasen-schwimmbad05-1200x900-q90.jpg 1605w, https:\/\/www.fsg-ruethen.de\/fsg\/wp-content\/uploads\/2021\/05\/lernraum-dreihasen-schwimmbad05-1200x900-q90-300x168.jpg 300w, https:\/\/www.fsg-ruethen.de\/fsg\/wp-content\/uploads\/2021\/05\/lernraum-dreihasen-schwimmbad05-1200x900-q90-1200x673.jpg 1200w, https:\/\/www.fsg-ruethen.de\/fsg\/wp-content\/uploads\/2021\/05\/lernraum-dreihasen-schwimmbad05-1200x900-q90-768x431.jpg 768w, https:\/\/www.fsg-ruethen.de\/fsg\/wp-content\/uploads\/2021\/05\/lernraum-dreihasen-schwimmbad05-1200x900-q90-1536x861.jpg 1536w, https:\/\/www.fsg-ruethen.de\/fsg\/wp-content\/uploads\/2021\/05\/lernraum-dreihasen-schwimmbad05-1200x900-q90-1320x740.jpg 1320w\" sizes=\"(max-width: 1605px) 100vw, 1605px\" \/><\/a><figcaption class=\"wp-element-caption\">Schwimmbad<\/figcaption><\/figure>\n\n\n\n<figure class=\"wp-block-image size-full\"><a href=\"https:\/\/www.fsg-ruethen.de\/fsg\/wp-content\/uploads\/2021\/05\/lernraum-dreihasen-alte-halle05-1200x900-q90.jpg\"><img loading=\"lazy\" decoding=\"async\" width=\"1611\" height=\"900\" data-id=\"5217\" src=\"https:\/\/www.fsg-ruethen.de\/fsg\/wp-content\/uploads\/2021\/05\/lernraum-dreihasen-alte-halle05-1200x900-q90.jpg\" alt=\"\" class=\"wp-image-5217\" srcset=\"https:\/\/www.fsg-ruethen.de\/fsg\/wp-content\/uploads\/2021\/05\/lernraum-dreihasen-alte-halle05-1200x900-q90.jpg 1611w, https:\/\/www.fsg-ruethen.de\/fsg\/wp-content\/uploads\/2021\/05\/lernraum-dreihasen-alte-halle05-1200x900-q90-300x168.jpg 300w, https:\/\/www.fsg-ruethen.de\/fsg\/wp-content\/uploads\/2021\/05\/lernraum-dreihasen-alte-halle05-1200x900-q90-1200x670.jpg 1200w, https:\/\/www.fsg-ruethen.de\/fsg\/wp-content\/uploads\/2021\/05\/lernraum-dreihasen-alte-halle05-1200x900-q90-768x429.jpg 768w, https:\/\/www.fsg-ruethen.de\/fsg\/wp-content\/uploads\/2021\/05\/lernraum-dreihasen-alte-halle05-1200x900-q90-1536x858.jpg 1536w, https:\/\/www.fsg-ruethen.de\/fsg\/wp-content\/uploads\/2021\/05\/lernraum-dreihasen-alte-halle05-1200x900-q90-1320x737.jpg 1320w\" sizes=\"(max-width: 1611px) 100vw, 1611px\" \/><\/a><figcaption class=\"wp-element-caption\">Alte Sporthalle<\/figcaption><\/figure>\n\n\n\n<figure class=\"wp-block-image size-full\"><a href=\"https:\/\/www.fsg-ruethen.de\/fsg\/wp-content\/uploads\/2021\/05\/lernraum-dreihasen-lernbuero05-1200x900-q90.jpg\"><img loading=\"lazy\" decoding=\"async\" width=\"1613\" height=\"900\" data-id=\"5199\" src=\"https:\/\/www.fsg-ruethen.de\/fsg\/wp-content\/uploads\/2021\/05\/lernraum-dreihasen-lernbuero05-1200x900-q90.jpg\" alt=\"\" class=\"wp-image-5199\" srcset=\"https:\/\/www.fsg-ruethen.de\/fsg\/wp-content\/uploads\/2021\/05\/lernraum-dreihasen-lernbuero05-1200x900-q90.jpg 1613w, https:\/\/www.fsg-ruethen.de\/fsg\/wp-content\/uploads\/2021\/05\/lernraum-dreihasen-lernbuero05-1200x900-q90-300x167.jpg 300w, https:\/\/www.fsg-ruethen.de\/fsg\/wp-content\/uploads\/2021\/05\/lernraum-dreihasen-lernbuero05-1200x900-q90-1200x670.jpg 1200w, https:\/\/www.fsg-ruethen.de\/fsg\/wp-content\/uploads\/2021\/05\/lernraum-dreihasen-lernbuero05-1200x900-q90-768x429.jpg 768w, https:\/\/www.fsg-ruethen.de\/fsg\/wp-content\/uploads\/2021\/05\/lernraum-dreihasen-lernbuero05-1200x900-q90-1536x857.jpg 1536w, https:\/\/www.fsg-ruethen.de\/fsg\/wp-content\/uploads\/2021\/05\/lernraum-dreihasen-lernbuero05-1200x900-q90-1320x737.jpg 1320w\" sizes=\"(max-width: 1613px) 100vw, 1613px\" \/><\/a><figcaption class=\"wp-element-caption\">Lernb\u00fcro<\/figcaption><\/figure>\n\n\n\n<figure class=\"wp-block-image size-full\"><a href=\"https:\/\/www.fsg-ruethen.de\/fsg\/wp-content\/uploads\/2021\/05\/lernraum-forum01-1200x900-q90.jpg\"><img loading=\"lazy\" decoding=\"async\" width=\"1619\" height=\"900\" data-id=\"5196\" src=\"https:\/\/www.fsg-ruethen.de\/fsg\/wp-content\/uploads\/2021\/05\/lernraum-forum01-1200x900-q90.jpg\" alt=\"\" class=\"wp-image-5196\" srcset=\"https:\/\/www.fsg-ruethen.de\/fsg\/wp-content\/uploads\/2021\/05\/lernraum-forum01-1200x900-q90.jpg 1619w, https:\/\/www.fsg-ruethen.de\/fsg\/wp-content\/uploads\/2021\/05\/lernraum-forum01-1200x900-q90-300x167.jpg 300w, https:\/\/www.fsg-ruethen.de\/fsg\/wp-content\/uploads\/2021\/05\/lernraum-forum01-1200x900-q90-1200x667.jpg 1200w, https:\/\/www.fsg-ruethen.de\/fsg\/wp-content\/uploads\/2021\/05\/lernraum-forum01-1200x900-q90-768x427.jpg 768w, https:\/\/www.fsg-ruethen.de\/fsg\/wp-content\/uploads\/2021\/05\/lernraum-forum01-1200x900-q90-1536x854.jpg 1536w, https:\/\/www.fsg-ruethen.de\/fsg\/wp-content\/uploads\/2021\/05\/lernraum-forum01-1200x900-q90-1320x734.jpg 1320w\" sizes=\"(max-width: 1619px) 100vw, 1619px\" \/><\/a><figcaption class=\"wp-element-caption\">Forum<\/figcaption><\/figure>\n\n\n\n<figure class=\"wp-block-image size-full\"><a href=\"https:\/\/www.fsg-ruethen.de\/fsg\/wp-content\/uploads\/2021\/05\/lernraum-dreihasen-eselsohr05-1200x900-q90.jpg\"><img loading=\"lazy\" decoding=\"async\" width=\"1597\" height=\"900\" data-id=\"5200\" src=\"https:\/\/www.fsg-ruethen.de\/fsg\/wp-content\/uploads\/2021\/05\/lernraum-dreihasen-eselsohr05-1200x900-q90.jpg\" alt=\"B\u00fccherei Eselsohr\" class=\"wp-image-5200\" srcset=\"https:\/\/www.fsg-ruethen.de\/fsg\/wp-content\/uploads\/2021\/05\/lernraum-dreihasen-eselsohr05-1200x900-q90.jpg 1597w, https:\/\/www.fsg-ruethen.de\/fsg\/wp-content\/uploads\/2021\/05\/lernraum-dreihasen-eselsohr05-1200x900-q90-300x169.jpg 300w, https:\/\/www.fsg-ruethen.de\/fsg\/wp-content\/uploads\/2021\/05\/lernraum-dreihasen-eselsohr05-1200x900-q90-1200x676.jpg 1200w, https:\/\/www.fsg-ruethen.de\/fsg\/wp-content\/uploads\/2021\/05\/lernraum-dreihasen-eselsohr05-1200x900-q90-768x433.jpg 768w, https:\/\/www.fsg-ruethen.de\/fsg\/wp-content\/uploads\/2021\/05\/lernraum-dreihasen-eselsohr05-1200x900-q90-1536x866.jpg 1536w, https:\/\/www.fsg-ruethen.de\/fsg\/wp-content\/uploads\/2021\/05\/lernraum-dreihasen-eselsohr05-1200x900-q90-1320x744.jpg 1320w\" sizes=\"(max-width: 1597px) 100vw, 1597px\" \/><\/a><figcaption class=\"wp-element-caption\">B\u00fccherei Eselsohr<\/figcaption><\/figure>\n\n\n\n<figure class=\"wp-block-image size-full\"><a href=\"https:\/\/www.fsg-ruethen.de\/fsg\/wp-content\/uploads\/2021\/05\/lernraum-dreihasen-bibliothek05-1200x900-q90.jpg\"><img loading=\"lazy\" decoding=\"async\" width=\"1595\" height=\"900\" data-id=\"5193\" src=\"https:\/\/www.fsg-ruethen.de\/fsg\/wp-content\/uploads\/2021\/05\/lernraum-dreihasen-bibliothek05-1200x900-q90.jpg\" alt=\"\" class=\"wp-image-5193\" srcset=\"https:\/\/www.fsg-ruethen.de\/fsg\/wp-content\/uploads\/2021\/05\/lernraum-dreihasen-bibliothek05-1200x900-q90.jpg 1595w, https:\/\/www.fsg-ruethen.de\/fsg\/wp-content\/uploads\/2021\/05\/lernraum-dreihasen-bibliothek05-1200x900-q90-300x169.jpg 300w, https:\/\/www.fsg-ruethen.de\/fsg\/wp-content\/uploads\/2021\/05\/lernraum-dreihasen-bibliothek05-1200x900-q90-1200x677.jpg 1200w, https:\/\/www.fsg-ruethen.de\/fsg\/wp-content\/uploads\/2021\/05\/lernraum-dreihasen-bibliothek05-1200x900-q90-768x433.jpg 768w, https:\/\/www.fsg-ruethen.de\/fsg\/wp-content\/uploads\/2021\/05\/lernraum-dreihasen-bibliothek05-1200x900-q90-1536x867.jpg 1536w, https:\/\/www.fsg-ruethen.de\/fsg\/wp-content\/uploads\/2021\/05\/lernraum-dreihasen-bibliothek05-1200x900-q90-1320x745.jpg 1320w\" sizes=\"(max-width: 1595px) 100vw, 1595px\" \/><\/a><figcaption class=\"wp-element-caption\">Oberstufenbibliothek<\/figcaption><\/figure>\n\n\n\n<figure class=\"wp-block-image size-full\"><a href=\"https:\/\/www.fsg-ruethen.de\/fsg\/wp-content\/uploads\/2021\/05\/lernraum-werken02-1200x900-q90.jpg\"><img loading=\"lazy\" decoding=\"async\" width=\"1601\" height=\"900\" data-id=\"5172\" src=\"https:\/\/www.fsg-ruethen.de\/fsg\/wp-content\/uploads\/2021\/05\/lernraum-werken02-1200x900-q90.jpg\" alt=\"Werkraum\" class=\"wp-image-5172\" srcset=\"https:\/\/www.fsg-ruethen.de\/fsg\/wp-content\/uploads\/2021\/05\/lernraum-werken02-1200x900-q90.jpg 1601w, https:\/\/www.fsg-ruethen.de\/fsg\/wp-content\/uploads\/2021\/05\/lernraum-werken02-1200x900-q90-300x169.jpg 300w, https:\/\/www.fsg-ruethen.de\/fsg\/wp-content\/uploads\/2021\/05\/lernraum-werken02-1200x900-q90-1200x675.jpg 1200w, https:\/\/www.fsg-ruethen.de\/fsg\/wp-content\/uploads\/2021\/05\/lernraum-werken02-1200x900-q90-768x432.jpg 768w, https:\/\/www.fsg-ruethen.de\/fsg\/wp-content\/uploads\/2021\/05\/lernraum-werken02-1200x900-q90-1536x863.jpg 1536w, https:\/\/www.fsg-ruethen.de\/fsg\/wp-content\/uploads\/2021\/05\/lernraum-werken02-1200x900-q90-1320x742.jpg 1320w\" sizes=\"(max-width: 1601px) 100vw, 1601px\" \/><\/a><figcaption class=\"wp-element-caption\">Werkraum Holzbearbeitung<\/figcaption><\/figure>\n\n\n\n<figure class=\"wp-block-image size-full\"><a href=\"https:\/\/www.fsg-ruethen.de\/fsg\/wp-content\/uploads\/2021\/05\/lernraum-musik02-1200x900-q90.jpg\"><img loading=\"lazy\" decoding=\"async\" width=\"1530\" height=\"900\" data-id=\"5170\" src=\"https:\/\/www.fsg-ruethen.de\/fsg\/wp-content\/uploads\/2021\/05\/lernraum-musik02-1200x900-q90.jpg\" alt=\"\" class=\"wp-image-5170\" srcset=\"https:\/\/www.fsg-ruethen.de\/fsg\/wp-content\/uploads\/2021\/05\/lernraum-musik02-1200x900-q90.jpg 1530w, https:\/\/www.fsg-ruethen.de\/fsg\/wp-content\/uploads\/2021\/05\/lernraum-musik02-1200x900-q90-300x176.jpg 300w, https:\/\/www.fsg-ruethen.de\/fsg\/wp-content\/uploads\/2021\/05\/lernraum-musik02-1200x900-q90-1200x706.jpg 1200w, https:\/\/www.fsg-ruethen.de\/fsg\/wp-content\/uploads\/2021\/05\/lernraum-musik02-1200x900-q90-768x452.jpg 768w, https:\/\/www.fsg-ruethen.de\/fsg\/wp-content\/uploads\/2021\/05\/lernraum-musik02-1200x900-q90-1320x776.jpg 1320w\" sizes=\"(max-width: 1530px) 100vw, 1530px\" \/><\/a><figcaption class=\"wp-element-caption\">Musik im Altbau<\/figcaption><\/figure>\n\n\n\n<figure class=\"wp-block-image size-full\"><a href=\"https:\/\/www.fsg-ruethen.de\/fsg\/wp-content\/uploads\/2021\/03\/mittagspuasensport02.jpg\"><img loading=\"lazy\" decoding=\"async\" width=\"600\" height=\"450\" data-id=\"2312\" src=\"https:\/\/www.fsg-ruethen.de\/fsg\/wp-content\/uploads\/2021\/03\/mittagspuasensport02.jpg\" alt=\"\" class=\"wp-image-2312\" srcset=\"https:\/\/www.fsg-ruethen.de\/fsg\/wp-content\/uploads\/2021\/03\/mittagspuasensport02.jpg 600w, https:\/\/www.fsg-ruethen.de\/fsg\/wp-content\/uploads\/2021\/03\/mittagspuasensport02-300x225.jpg 300w\" sizes=\"(max-width: 600px) 100vw, 600px\" \/><\/a><figcaption class=\"wp-element-caption\">Neue Halle<\/figcaption><\/figure>\n\n\n\n<figure class=\"wp-block-image size-full\"><a href=\"https:\/\/www.fsg-ruethen.de\/fsg\/wp-content\/uploads\/2021\/05\/lernraum-gebaeude07-1200x900-q90.jpg\"><img loading=\"lazy\" decoding=\"async\" width=\"1601\" height=\"900\" data-id=\"5157\" src=\"https:\/\/www.fsg-ruethen.de\/fsg\/wp-content\/uploads\/2021\/05\/lernraum-gebaeude07-1200x900-q90.jpg\" alt=\"\" class=\"wp-image-5157\" srcset=\"https:\/\/www.fsg-ruethen.de\/fsg\/wp-content\/uploads\/2021\/05\/lernraum-gebaeude07-1200x900-q90.jpg 1601w, https:\/\/www.fsg-ruethen.de\/fsg\/wp-content\/uploads\/2021\/05\/lernraum-gebaeude07-1200x900-q90-300x169.jpg 300w, https:\/\/www.fsg-ruethen.de\/fsg\/wp-content\/uploads\/2021\/05\/lernraum-gebaeude07-1200x900-q90-1200x675.jpg 1200w, https:\/\/www.fsg-ruethen.de\/fsg\/wp-content\/uploads\/2021\/05\/lernraum-gebaeude07-1200x900-q90-768x432.jpg 768w, https:\/\/www.fsg-ruethen.de\/fsg\/wp-content\/uploads\/2021\/05\/lernraum-gebaeude07-1200x900-q90-1536x863.jpg 1536w, https:\/\/www.fsg-ruethen.de\/fsg\/wp-content\/uploads\/2021\/05\/lernraum-gebaeude07-1200x900-q90-1320x742.jpg 1320w\" sizes=\"(max-width: 1601px) 100vw, 1601px\" \/><\/a><figcaption class=\"wp-element-caption\">Sch\u00fclerarbeiten im Flur der Verwaltung<\/figcaption><\/figure>\n\n\n\n<figure class=\"wp-block-image size-full\"><a href=\"https:\/\/www.fsg-ruethen.de\/fsg\/wp-content\/uploads\/2021\/05\/lernraum-dreihasen-blick-auf-ruethen02-1200x900-q90.jpg\"><img loading=\"lazy\" decoding=\"async\" width=\"1597\" height=\"900\" data-id=\"5152\" src=\"https:\/\/www.fsg-ruethen.de\/fsg\/wp-content\/uploads\/2021\/05\/lernraum-dreihasen-blick-auf-ruethen02-1200x900-q90.jpg\" alt=\"\" class=\"wp-image-5152\" srcset=\"https:\/\/www.fsg-ruethen.de\/fsg\/wp-content\/uploads\/2021\/05\/lernraum-dreihasen-blick-auf-ruethen02-1200x900-q90.jpg 1597w, https:\/\/www.fsg-ruethen.de\/fsg\/wp-content\/uploads\/2021\/05\/lernraum-dreihasen-blick-auf-ruethen02-1200x900-q90-300x169.jpg 300w, https:\/\/www.fsg-ruethen.de\/fsg\/wp-content\/uploads\/2021\/05\/lernraum-dreihasen-blick-auf-ruethen02-1200x900-q90-1200x676.jpg 1200w, https:\/\/www.fsg-ruethen.de\/fsg\/wp-content\/uploads\/2021\/05\/lernraum-dreihasen-blick-auf-ruethen02-1200x900-q90-768x433.jpg 768w, https:\/\/www.fsg-ruethen.de\/fsg\/wp-content\/uploads\/2021\/05\/lernraum-dreihasen-blick-auf-ruethen02-1200x900-q90-1536x866.jpg 1536w, https:\/\/www.fsg-ruethen.de\/fsg\/wp-content\/uploads\/2021\/05\/lernraum-dreihasen-blick-auf-ruethen02-1200x900-q90-1320x744.jpg 1320w\" sizes=\"(max-width: 1597px) 100vw, 1597px\" \/><\/a><figcaption class=\"wp-element-caption\">Blick auf das Sauerland vom T\u00fcrmchen<\/figcaption><\/figure>\n\n\n\n<figure class=\"wp-block-image size-full\"><a href=\"https:\/\/www.fsg-ruethen.de\/fsg\/wp-content\/uploads\/2021\/05\/lernraum-park02-1200x900-q90.jpg\"><img loading=\"lazy\" decoding=\"async\" width=\"1601\" height=\"900\" data-id=\"5161\" src=\"https:\/\/www.fsg-ruethen.de\/fsg\/wp-content\/uploads\/2021\/05\/lernraum-park02-1200x900-q90.jpg\" alt=\"\" class=\"wp-image-5161\" srcset=\"https:\/\/www.fsg-ruethen.de\/fsg\/wp-content\/uploads\/2021\/05\/lernraum-park02-1200x900-q90.jpg 1601w, https:\/\/www.fsg-ruethen.de\/fsg\/wp-content\/uploads\/2021\/05\/lernraum-park02-1200x900-q90-300x169.jpg 300w, https:\/\/www.fsg-ruethen.de\/fsg\/wp-content\/uploads\/2021\/05\/lernraum-park02-1200x900-q90-1200x675.jpg 1200w, https:\/\/www.fsg-ruethen.de\/fsg\/wp-content\/uploads\/2021\/05\/lernraum-park02-1200x900-q90-768x432.jpg 768w, https:\/\/www.fsg-ruethen.de\/fsg\/wp-content\/uploads\/2021\/05\/lernraum-park02-1200x900-q90-1536x863.jpg 1536w, https:\/\/www.fsg-ruethen.de\/fsg\/wp-content\/uploads\/2021\/05\/lernraum-park02-1200x900-q90-1320x742.jpg 1320w\" sizes=\"(max-width: 1601px) 100vw, 1601px\" \/><\/a><figcaption class=\"wp-element-caption\">Sitzpl\u00e4tze im Schulpark<\/figcaption><\/figure>\n\n\n\n<figure class=\"wp-block-image size-full\"><a href=\"https:\/\/www.fsg-ruethen.de\/fsg\/wp-content\/uploads\/2021\/05\/lernraum-park10-1200x900-q90.jpg\"><img loading=\"lazy\" decoding=\"async\" width=\"1349\" height=\"900\" data-id=\"5127\" src=\"https:\/\/www.fsg-ruethen.de\/fsg\/wp-content\/uploads\/2021\/05\/lernraum-park10-1200x900-q90.jpg\" alt=\"Schulpark\" class=\"wp-image-5127\" srcset=\"https:\/\/www.fsg-ruethen.de\/fsg\/wp-content\/uploads\/2021\/05\/lernraum-park10-1200x900-q90.jpg 1349w, https:\/\/www.fsg-ruethen.de\/fsg\/wp-content\/uploads\/2021\/05\/lernraum-park10-1200x900-q90-300x200.jpg 300w, https:\/\/www.fsg-ruethen.de\/fsg\/wp-content\/uploads\/2021\/05\/lernraum-park10-1200x900-q90-1200x801.jpg 1200w, https:\/\/www.fsg-ruethen.de\/fsg\/wp-content\/uploads\/2021\/05\/lernraum-park10-1200x900-q90-768x512.jpg 768w, https:\/\/www.fsg-ruethen.de\/fsg\/wp-content\/uploads\/2021\/05\/lernraum-park10-1200x900-q90-1320x881.jpg 1320w\" sizes=\"(max-width: 1349px) 100vw, 1349px\" \/><\/a><figcaption class=\"wp-element-caption\">Neubau<\/figcaption><\/figure>\n\n\n\n<figure class=\"wp-block-image size-full\"><a href=\"https:\/\/www.fsg-ruethen.de\/fsg\/wp-content\/uploads\/2021\/08\/altbau-bei-nacht-2-1200x900-1.jpg\"><img loading=\"lazy\" decoding=\"async\" width=\"1200\" height=\"900\" data-id=\"7033\" src=\"https:\/\/www.fsg-ruethen.de\/fsg\/wp-content\/uploads\/2021\/08\/altbau-bei-nacht-2-1200x900-1.jpg\" alt=\"\" class=\"wp-image-7033\" srcset=\"https:\/\/www.fsg-ruethen.de\/fsg\/wp-content\/uploads\/2021\/08\/altbau-bei-nacht-2-1200x900-1.jpg 1200w, https:\/\/www.fsg-ruethen.de\/fsg\/wp-content\/uploads\/2021\/08\/altbau-bei-nacht-2-1200x900-1-300x225.jpg 300w, https:\/\/www.fsg-ruethen.de\/fsg\/wp-content\/uploads\/2021\/08\/altbau-bei-nacht-2-1200x900-1-768x576.jpg 768w\" sizes=\"(max-width: 1200px) 100vw, 1200px\" \/><\/a><figcaption class=\"wp-element-caption\">Konzert vor dem historischen Altbau<\/figcaption><\/figure>\n\n\n\n<figure class=\"wp-block-image size-full\"><a href=\"https:\/\/www.fsg-ruethen.de\/fsg\/wp-content\/uploads\/2021\/04\/fsg04_800x600-q90.jpg\"><img loading=\"lazy\" decoding=\"async\" width=\"800\" height=\"600\" data-id=\"4419\" src=\"https:\/\/www.fsg-ruethen.de\/fsg\/wp-content\/uploads\/2021\/04\/fsg04_800x600-q90.jpg\" alt=\"Menschen vor dem historischen Altbau, Friedrich-Spee-Gymnasium\" class=\"wp-image-4419\" srcset=\"https:\/\/www.fsg-ruethen.de\/fsg\/wp-content\/uploads\/2021\/04\/fsg04_800x600-q90.jpg 800w, https:\/\/www.fsg-ruethen.de\/fsg\/wp-content\/uploads\/2021\/04\/fsg04_800x600-q90-300x225.jpg 300w, https:\/\/www.fsg-ruethen.de\/fsg\/wp-content\/uploads\/2021\/04\/fsg04_800x600-q90-768x576.jpg 768w\" sizes=\"(max-width: 800px) 100vw, 800px\" \/><\/a><figcaption class=\"wp-element-caption\">Vor dem historischen Schulgeb\u00e4ude<\/figcaption><\/figure>\n<figcaption class=\"blocks-gallery-caption wp-element-caption\">Zum Vergr\u00f6\u00dfern ins Bild klicken<\/figcaption><\/figure>\n","protected":false},"excerpt":{"rendered":"<p>Besichtigung des Friedrich-Spee-Gymnasiums Streifen Sie mit Maus oder Touchpad durch unsere Schule, besuchen Sie ausgew\u00e4hlte R\u00e4ume oder machen Sie eine gef\u00fchrte Tour. Erstellt von Andr\u00e9 Heinermann, 3hasen events\u00ae GmbH. Das [&hellip;]<\/p>\n","protected":false},"author":1,"featured_media":0,"parent":1303,"menu_order":0,"comment_status":"closed","ping_status":"closed","template":"","meta":{"ocean_post_layout":"full-width","ocean_both_sidebars_style":"","ocean_both_sidebars_content_width":0,"ocean_both_sidebars_sidebars_width":0,"ocean_sidebar":"0","ocean_second_sidebar":"0","ocean_disable_margins":"enable","ocean_add_body_class":"","ocean_shortcode_before_top_bar":"","ocean_shortcode_after_top_bar":"","ocean_shortcode_before_header":"","ocean_shortcode_after_header":"","ocean_has_shortcode":"","ocean_shortcode_after_title":"","ocean_shortcode_before_footer_widgets":"","ocean_shortcode_after_footer_widgets":"","ocean_shortcode_before_footer_bottom":"","ocean_shortcode_after_footer_bottom":"","ocean_display_top_bar":"default","ocean_display_header":"default","ocean_header_style":"","ocean_center_header_left_menu":"0","ocean_custom_header_template":"0","ocean_custom_logo":0,"ocean_custom_retina_logo":0,"ocean_custom_logo_max_width":0,"ocean_custom_logo_tablet_max_width":0,"ocean_custom_logo_mobile_max_width":0,"ocean_custom_logo_max_height":0,"ocean_custom_logo_tablet_max_height":0,"ocean_custom_logo_mobile_max_height":0,"ocean_header_custom_menu":"0","ocean_menu_typo_font_family":"0","ocean_menu_typo_font_subset":"","ocean_menu_typo_font_size":0,"ocean_menu_typo_font_size_tablet":0,"ocean_menu_typo_font_size_mobile":0,"ocean_menu_typo_font_size_unit":"px","ocean_menu_typo_font_weight":"","ocean_menu_typo_font_weight_tablet":"","ocean_menu_typo_font_weight_mobile":"","ocean_menu_typo_transform":"","ocean_menu_typo_transform_tablet":"","ocean_menu_typo_transform_mobile":"","ocean_menu_typo_line_height":0,"ocean_menu_typo_line_height_tablet":0,"ocean_menu_typo_line_height_mobile":0,"ocean_menu_typo_line_height_unit":"","ocean_menu_typo_spacing":0,"ocean_menu_typo_spacing_tablet":0,"ocean_menu_typo_spacing_mobile":0,"ocean_menu_typo_spacing_unit":"","ocean_menu_link_color":"","ocean_menu_link_color_hover":"","ocean_menu_link_color_active":"","ocean_menu_link_background":"","ocean_menu_link_hover_background":"","ocean_menu_link_active_background":"","ocean_menu_social_links_bg":"","ocean_menu_social_hover_links_bg":"","ocean_menu_social_links_color":"","ocean_menu_social_hover_links_color":"","ocean_disable_title":"default","ocean_disable_heading":"default","ocean_post_title":"","ocean_post_subheading":"","ocean_post_title_style":"background-image","ocean_post_title_background_color":"","ocean_post_title_background":4152,"ocean_post_title_bg_image_position":"","ocean_post_title_bg_image_attachment":"","ocean_post_title_bg_image_repeat":"","ocean_post_title_bg_image_size":"","ocean_post_title_height":500,"ocean_post_title_bg_overlay":0.2,"ocean_post_title_bg_overlay_color":"","ocean_disable_breadcrumbs":"default","ocean_breadcrumbs_color":"","ocean_breadcrumbs_separator_color":"","ocean_breadcrumbs_links_color":"","ocean_breadcrumbs_links_hover_color":"","ocean_display_footer_widgets":"default","ocean_display_footer_bottom":"default","ocean_custom_footer_template":"0","omw_enable_modal_window":"enable","footnotes":""},"class_list":["post-1451","page","type-page","status-publish","hentry","entry"],"_links":{"self":[{"href":"https:\/\/www.fsg-ruethen.de\/fsg\/wp-json\/wp\/v2\/pages\/1451","targetHints":{"allow":["GET"]}}],"collection":[{"href":"https:\/\/www.fsg-ruethen.de\/fsg\/wp-json\/wp\/v2\/pages"}],"about":[{"href":"https:\/\/www.fsg-ruethen.de\/fsg\/wp-json\/wp\/v2\/types\/page"}],"author":[{"embeddable":true,"href":"https:\/\/www.fsg-ruethen.de\/fsg\/wp-json\/wp\/v2\/users\/1"}],"replies":[{"embeddable":true,"href":"https:\/\/www.fsg-ruethen.de\/fsg\/wp-json\/wp\/v2\/comments?post=1451"}],"version-history":[{"count":2,"href":"https:\/\/www.fsg-ruethen.de\/fsg\/wp-json\/wp\/v2\/pages\/1451\/revisions"}],"predecessor-version":[{"id":14002,"href":"https:\/\/www.fsg-ruethen.de\/fsg\/wp-json\/wp\/v2\/pages\/1451\/revisions\/14002"}],"up":[{"embeddable":true,"href":"https:\/\/www.fsg-ruethen.de\/fsg\/wp-json\/wp\/v2\/pages\/1303"}],"wp:attachment":[{"href":"https:\/\/www.fsg-ruethen.de\/fsg\/wp-json\/wp\/v2\/media?parent=1451"}],"curies":[{"name":"wp","href":"https:\/\/api.w.org\/{rel}","templated":true}]}}